{"id":79894,"date":"2026-03-12T17:32:45","date_gmt":"2026-03-12T16:32:45","guid":{"rendered":"https:\/\/www.giessegi.com\/?post_type=product&#038;p=79894"},"modified":"2026-03-17T14:04:01","modified_gmt":"2026-03-17T13:04:01","slug":"aero-light-pro","status":"publish","type":"product","link":"https:\/\/www.giessegi.com\/de\/produkt\/aero-light-pro\/","title":{"rendered":"Aero Light Pro"},"content":{"rendered":"<p class=\"p1\">AERO LIGHT Radtrikot, entwickelt f\u00fcr Radfahrer, die Leichtigkeit und Atmungsaktivit\u00e4t suchen.<\/p>\n<p class=\"p2\">\u2022<span class=\"s1\"><b>Ergonomisches Design:<\/b><\/span> Bietet eine aerodynamische Passform, die den Luftwiderstand reduziert.<\/p>\n<p class=\"p2\">\u2022<span class=\"s1\"><b>Innovatives, umweltfreundliches Material:<\/b><\/span> Hergestellt aus leichtem und atmungsaktivem recyceltem Stoff, der Stretch, Komfort und Nachhaltigkeit vereint.<\/p>\n<p class=\"p2\">\u2022<span class=\"s1\"><b>Funktionalit\u00e4t:<\/b><\/span> Drei offene R\u00fcckentaschen bieten ausreichend Platz f\u00fcr wichtige Utensilien bei langen Fahrten, w\u00e4hrend eine vierte wasserdichte Rei\u00dfverschlusstasche pers\u00f6nliche Gegenst\u00e4nde vor Regen und Schwei\u00df sch\u00fctzt.<\/p>\n<p class=\"p2\">\u2022<span class=\"s1\"><b>Komfort-Details:<\/b><\/span> Der Bundabschluss mit Grip verhindert Druckstellen und sorgt f\u00fcr eine bequeme Passform sowie maximale Bewegungsfreiheit.<\/p>\n","protected":false},"excerpt":{"rendered":"<p class=\"p1\">AERO LIGHT Radtrikot, entwickelt f\u00fcr Radfahrer, die Leichtigkeit und Atmungsaktivit\u00e4t suchen.<\/p>\n<p class=\"p2\">\u2022<span class=\"s1\"><b>Ergonomisches Design:<\/b><\/span> Bietet eine aerodynamische Passform, die den Luftwiderstand reduziert.<\/p>\n<p class=\"p2\">\u2022<span class=\"s1\"><b>Innovatives, umweltfreundliches Material:<\/b><\/span> Hergestellt aus leichtem und atmungsaktivem recyceltem Stoff, der Stretch, Komfort und Nachhaltigkeit vereint.<\/p>\n<p class=\"p2\">\u2022<span class=\"s1\"><b>Funktionalit\u00e4t:<\/b><\/span> Drei offene R\u00fcckentaschen bieten ausreichend Platz f\u00fcr wichtige Utensilien bei langen Fahrten, w\u00e4hrend eine vierte wasserdichte Rei\u00dfverschlusstasche pers\u00f6nliche Gegenst\u00e4nde vor Regen und Schwei\u00df sch\u00fctzt.<\/p>\n<p class=\"p2\">\u2022<span class=\"s1\"><b>Komfort-Details:<\/b><\/span> Der Bundabschluss mit Grip verhindert Druckstellen und sorgt f\u00fcr eine bequeme Passform sowie maximale Bewegungsfreiheit.<\/p>\n","protected":false},"featured_media":80019,"template":"","meta":[],"product_brand":[],"product_cat":[4222,6394,4235,4238],"product_tag":[],"collezione":[],"class_list":{"0":"post-79894","1":"product","2":"type-product","3":"status-publish","4":"has-post-thumbnail","6":"product_cat-mann-de-2","7":"product_cat-kurzarmhemden-de","8":"product_cat-spitze","9":"product_cat-trikots-de-4","10":"pa_colore-blau-de","11":"pa_colore-schwarz-de","12":"pa_colore-weiss-de","13":"pa_taglia-3xl-de","14":"pa_taglia-l-de","15":"pa_taglia-m-de","16":"pa_taglia-s-de","17":"pa_taglia-xl-de","18":"pa_taglia-xs-de","19":"pa_taglia-xxl-de","22":"first","23":"instock","24":"shipping-taxable","25":"purchasable","26":"product-type-variable"},"yoast_head":"<!-- This site is optimized with the Yoast SEO plugin v27.3 - https:\/\/yoast.com\/product\/yoast-seo-wordpress\/ -->\n<title>Aero Light Pro | GSG - Giessegi<\/title>\n<meta name=\"robots\" content=\"index, follow, max-snippet:-1, max-image-preview:large, max-video-preview:-1\" \/>\n<link rel=\"canonical\" href=\"https:\/\/www.giessegi.com\/de\/produkt\/aero-light-pro\/\" \/>\n<meta property=\"og:locale\" content=\"de_DE\" \/>\n<meta property=\"og:type\" content=\"article\" \/>\n<meta property=\"og:title\" content=\"Aero Light Pro | GSG - Giessegi\" \/>\n<meta property=\"og:description\" content=\"AERO LIGHT Radtrikot, entwickelt f\u00fcr Radfahrer, die Leichtigkeit und Atmungsaktivit\u00e4t suchen. \u2022Ergonomisches Design: Bietet eine aerodynamische Passform, die den Luftwiderstand reduziert. \u2022Innovatives, umweltfreundliches Material: Hergestellt aus leichtem und atmungsaktivem recyceltem Stoff, der Stretch, Komfort und Nachhaltigkeit vereint. \u2022Funktionalit\u00e4t: Drei offene R\u00fcckentaschen bieten ausreichend Platz f\u00fcr wichtige Utensilien bei langen Fahrten, w\u00e4hrend eine vierte wasserdichte Rei\u00dfverschlusstasche pers\u00f6nliche Gegenst\u00e4nde vor Regen und Schwei\u00df sch\u00fctzt. \u2022Komfort-Details: Der Bundabschluss mit Grip verhindert Druckstellen und sorgt f\u00fcr eine bequeme Passform sowie maximale Bewegungsfreiheit.\" \/>\n<meta property=\"og:url\" content=\"https:\/\/www.giessegi.com\/de\/produkt\/aero-light-pro\/\" \/>\n<meta property=\"og:site_name\" content=\"GSG - Giessegi\" \/>\n<meta property=\"article:modified_time\" content=\"2026-03-17T13:04:01+00:00\" \/>\n<meta property=\"og:image\" content=\"https:\/\/www.giessegi.com\/wp-content\/uploads\/2026\/03\/03599_rev2_53f_cmyk.jpg\" \/>\n\t<meta property=\"og:image:width\" content=\"1000\" \/>\n\t<meta property=\"og:image:height\" content=\"1000\" \/>\n\t<meta property=\"og:image:type\" content=\"image\/jpeg\" \/>\n<meta name=\"twitter:card\" content=\"summary_large_image\" \/>\n<meta name=\"twitter:label1\" content=\"Gesch\u00e4tzte Lesezeit\" \/>\n\t<meta name=\"twitter:data1\" content=\"1\u00a0Minute\" \/>\n<script type=\"application\/ld+json\" class=\"yoast-schema-graph\">{\"@context\":\"https:\\\/\\\/schema.org\",\"@graph\":[{\"@type\":\"WebPage\",\"@id\":\"https:\\\/\\\/www.giessegi.com\\\/de\\\/produkt\\\/aero-light-pro\\\/\",\"url\":\"https:\\\/\\\/www.giessegi.com\\\/de\\\/produkt\\\/aero-light-pro\\\/\",\"name\":\"Aero Light Pro | GSG - Giessegi\",\"isPartOf\":{\"@id\":\"https:\\\/\\\/www.giessegi.com\\\/en\\\/#website\"},\"primaryImageOfPage\":{\"@id\":\"https:\\\/\\\/www.giessegi.com\\\/de\\\/produkt\\\/aero-light-pro\\\/#primaryimage\"},\"image\":{\"@id\":\"https:\\\/\\\/www.giessegi.com\\\/de\\\/produkt\\\/aero-light-pro\\\/#primaryimage\"},\"thumbnailUrl\":\"https:\\\/\\\/www.giessegi.com\\\/wp-content\\\/uploads\\\/2026\\\/03\\\/03599_rev2_53f_cmyk.jpg\",\"datePublished\":\"2026-03-12T16:32:45+00:00\",\"dateModified\":\"2026-03-17T13:04:01+00:00\",\"breadcrumb\":{\"@id\":\"https:\\\/\\\/www.giessegi.com\\\/de\\\/produkt\\\/aero-light-pro\\\/#breadcrumb\"},\"inLanguage\":\"de\",\"potentialAction\":[{\"@type\":\"ReadAction\",\"target\":[\"https:\\\/\\\/www.giessegi.com\\\/de\\\/produkt\\\/aero-light-pro\\\/\"]}]},{\"@type\":\"ImageObject\",\"inLanguage\":\"de\",\"@id\":\"https:\\\/\\\/www.giessegi.com\\\/de\\\/produkt\\\/aero-light-pro\\\/#primaryimage\",\"url\":\"https:\\\/\\\/www.giessegi.com\\\/wp-content\\\/uploads\\\/2026\\\/03\\\/03599_rev2_53f_cmyk.jpg\",\"contentUrl\":\"https:\\\/\\\/www.giessegi.com\\\/wp-content\\\/uploads\\\/2026\\\/03\\\/03599_rev2_53f_cmyk.jpg\",\"width\":1000,\"height\":1000},{\"@type\":\"BreadcrumbList\",\"@id\":\"https:\\\/\\\/www.giessegi.com\\\/de\\\/produkt\\\/aero-light-pro\\\/#breadcrumb\",\"itemListElement\":[{\"@type\":\"ListItem\",\"position\":1,\"name\":\"Home\",\"item\":\"https:\\\/\\\/www.giessegi.com\\\/\"},{\"@type\":\"ListItem\",\"position\":2,\"name\":\"Products\",\"item\":\"https:\\\/\\\/www.giessegi.com\\\/en\\\/shop\\\/\"},{\"@type\":\"ListItem\",\"position\":3,\"name\":\"Aero Light Pro\"}]},{\"@type\":\"WebSite\",\"@id\":\"https:\\\/\\\/www.giessegi.com\\\/en\\\/#website\",\"url\":\"https:\\\/\\\/www.giessegi.com\\\/en\\\/\",\"name\":\"Giessegi\",\"description\":\"\",\"publisher\":{\"@id\":\"https:\\\/\\\/www.giessegi.com\\\/en\\\/#organization\"},\"potentialAction\":[{\"@type\":\"SearchAction\",\"target\":{\"@type\":\"EntryPoint\",\"urlTemplate\":\"https:\\\/\\\/www.giessegi.com\\\/en\\\/?s={search_term_string}\"},\"query-input\":{\"@type\":\"PropertyValueSpecification\",\"valueRequired\":true,\"valueName\":\"search_term_string\"}}],\"inLanguage\":\"de\"},{\"@type\":\"Organization\",\"@id\":\"https:\\\/\\\/www.giessegi.com\\\/en\\\/#organization\",\"name\":\"Giessegi\",\"url\":\"https:\\\/\\\/www.giessegi.com\\\/en\\\/\",\"logo\":{\"@type\":\"ImageObject\",\"inLanguage\":\"de\",\"@id\":\"https:\\\/\\\/www.giessegi.com\\\/en\\\/#\\\/schema\\\/logo\\\/image\\\/\",\"url\":\"https:\\\/\\\/www.giessegi.com\\\/wp-content\\\/uploads\\\/2022\\\/09\\\/giessegi-logo.jpeg\",\"contentUrl\":\"https:\\\/\\\/www.giessegi.com\\\/wp-content\\\/uploads\\\/2022\\\/09\\\/giessegi-logo.jpeg\",\"width\":175,\"height\":77,\"caption\":\"Giessegi\"},\"image\":{\"@id\":\"https:\\\/\\\/www.giessegi.com\\\/en\\\/#\\\/schema\\\/logo\\\/image\\\/\"}}]}<\/script>\n<!-- \/ Yoast SEO plugin. -->","yoast_head_json":{"title":"Aero Light Pro | GSG - Giessegi","robots":{"index":"index","follow":"follow","max-snippet":"max-snippet:-1","max-image-preview":"max-image-preview:large","max-video-preview":"max-video-preview:-1"},"canonical":"https:\/\/www.giessegi.com\/de\/produkt\/aero-light-pro\/","og_locale":"de_DE","og_type":"article","og_title":"Aero Light Pro | GSG - Giessegi","og_description":"AERO LIGHT Radtrikot, entwickelt f\u00fcr Radfahrer, die Leichtigkeit und Atmungsaktivit\u00e4t suchen. \u2022Ergonomisches Design: Bietet eine aerodynamische Passform, die den Luftwiderstand reduziert. \u2022Innovatives, umweltfreundliches Material: Hergestellt aus leichtem und atmungsaktivem recyceltem Stoff, der Stretch, Komfort und Nachhaltigkeit vereint. \u2022Funktionalit\u00e4t: Drei offene R\u00fcckentaschen bieten ausreichend Platz f\u00fcr wichtige Utensilien bei langen Fahrten, w\u00e4hrend eine vierte wasserdichte Rei\u00dfverschlusstasche pers\u00f6nliche Gegenst\u00e4nde vor Regen und Schwei\u00df sch\u00fctzt. \u2022Komfort-Details: Der Bundabschluss mit Grip verhindert Druckstellen und sorgt f\u00fcr eine bequeme Passform sowie maximale Bewegungsfreiheit.","og_url":"https:\/\/www.giessegi.com\/de\/produkt\/aero-light-pro\/","og_site_name":"GSG - Giessegi","article_modified_time":"2026-03-17T13:04:01+00:00","og_image":[{"width":1000,"height":1000,"url":"https:\/\/www.giessegi.com\/wp-content\/uploads\/2026\/03\/03599_rev2_53f_cmyk.jpg","type":"image\/jpeg"}],"twitter_card":"summary_large_image","twitter_misc":{"Gesch\u00e4tzte Lesezeit":"1\u00a0Minute"},"schema":{"@context":"https:\/\/schema.org","@graph":[{"@type":"WebPage","@id":"https:\/\/www.giessegi.com\/de\/produkt\/aero-light-pro\/","url":"https:\/\/www.giessegi.com\/de\/produkt\/aero-light-pro\/","name":"Aero Light Pro | GSG - Giessegi","isPartOf":{"@id":"https:\/\/www.giessegi.com\/en\/#website"},"primaryImageOfPage":{"@id":"https:\/\/www.giessegi.com\/de\/produkt\/aero-light-pro\/#primaryimage"},"image":{"@id":"https:\/\/www.giessegi.com\/de\/produkt\/aero-light-pro\/#primaryimage"},"thumbnailUrl":"https:\/\/www.giessegi.com\/wp-content\/uploads\/2026\/03\/03599_rev2_53f_cmyk.jpg","datePublished":"2026-03-12T16:32:45+00:00","dateModified":"2026-03-17T13:04:01+00:00","breadcrumb":{"@id":"https:\/\/www.giessegi.com\/de\/produkt\/aero-light-pro\/#breadcrumb"},"inLanguage":"de","potentialAction":[{"@type":"ReadAction","target":["https:\/\/www.giessegi.com\/de\/produkt\/aero-light-pro\/"]}]},{"@type":"ImageObject","inLanguage":"de","@id":"https:\/\/www.giessegi.com\/de\/produkt\/aero-light-pro\/#primaryimage","url":"https:\/\/www.giessegi.com\/wp-content\/uploads\/2026\/03\/03599_rev2_53f_cmyk.jpg","contentUrl":"https:\/\/www.giessegi.com\/wp-content\/uploads\/2026\/03\/03599_rev2_53f_cmyk.jpg","width":1000,"height":1000},{"@type":"BreadcrumbList","@id":"https:\/\/www.giessegi.com\/de\/produkt\/aero-light-pro\/#breadcrumb","itemListElement":[{"@type":"ListItem","position":1,"name":"Home","item":"https:\/\/www.giessegi.com\/"},{"@type":"ListItem","position":2,"name":"Products","item":"https:\/\/www.giessegi.com\/en\/shop\/"},{"@type":"ListItem","position":3,"name":"Aero Light Pro"}]},{"@type":"WebSite","@id":"https:\/\/www.giessegi.com\/en\/#website","url":"https:\/\/www.giessegi.com\/en\/","name":"Giessegi","description":"","publisher":{"@id":"https:\/\/www.giessegi.com\/en\/#organization"},"potentialAction":[{"@type":"SearchAction","target":{"@type":"EntryPoint","urlTemplate":"https:\/\/www.giessegi.com\/en\/?s={search_term_string}"},"query-input":{"@type":"PropertyValueSpecification","valueRequired":true,"valueName":"search_term_string"}}],"inLanguage":"de"},{"@type":"Organization","@id":"https:\/\/www.giessegi.com\/en\/#organization","name":"Giessegi","url":"https:\/\/www.giessegi.com\/en\/","logo":{"@type":"ImageObject","inLanguage":"de","@id":"https:\/\/www.giessegi.com\/en\/#\/schema\/logo\/image\/","url":"https:\/\/www.giessegi.com\/wp-content\/uploads\/2022\/09\/giessegi-logo.jpeg","contentUrl":"https:\/\/www.giessegi.com\/wp-content\/uploads\/2022\/09\/giessegi-logo.jpeg","width":175,"height":77,"caption":"Giessegi"},"image":{"@id":"https:\/\/www.giessegi.com\/en\/#\/schema\/logo\/image\/"}}]}},"_links":{"self":[{"href":"https:\/\/www.giessegi.com\/de\/wp-json\/wp\/v2\/product\/79894","targetHints":{"allow":["GET"]}}],"collection":[{"href":"https:\/\/www.giessegi.com\/de\/wp-json\/wp\/v2\/product"}],"about":[{"href":"https:\/\/www.giessegi.com\/de\/wp-json\/wp\/v2\/types\/product"}],"wp:featuredmedia":[{"embeddable":true,"href":"https:\/\/www.giessegi.com\/de\/wp-json\/wp\/v2\/media\/80019"}],"wp:attachment":[{"href":"https:\/\/www.giessegi.com\/de\/wp-json\/wp\/v2\/media?parent=79894"}],"wp:term":[{"taxonomy":"product_brand","embeddable":true,"href":"https:\/\/www.giessegi.com\/de\/wp-json\/wp\/v2\/product_brand?post=79894"},{"taxonomy":"product_cat","embeddable":true,"href":"https:\/\/www.giessegi.com\/de\/wp-json\/wp\/v2\/product_cat?post=79894"},{"taxonomy":"product_tag","embeddable":true,"href":"https:\/\/www.giessegi.com\/de\/wp-json\/wp\/v2\/product_tag?post=79894"},{"taxonomy":"collezione","embeddable":true,"href":"https:\/\/www.giessegi.com\/de\/wp-json\/wp\/v2\/collezione?post=79894"}],"curies":[{"name":"wp","href":"https:\/\/api.w.org\/{rel}","templated":true}]}}