{"id":58806,"date":"2023-10-30T12:37:51","date_gmt":"2023-10-30T11:37:51","guid":{"rendered":"https:\/\/www.giessegi.com\/product\/ventaglio\/"},"modified":"2025-10-17T16:18:59","modified_gmt":"2025-10-17T14:18:59","slug":"ventaglio","status":"publish","type":"product","link":"https:\/\/www.giessegi.com\/de\/produkt\/ventaglio\/","title":{"rendered":"VENTAGLIO"},"content":{"rendered":"<p class=\"p1\">Die <span class=\"s1\"><b>VENTAGLIO<\/b><\/span> ist eine technische, vielseitige Weste, die Radfahrer durch \u00dcbergangszeiten und kalte Tage begleitet.<\/p>\n<p class=\"p1\">Sie teilt dieselben Leistungsmerkmale wie die <span class=\"s1\"><b>Fuggitivo-Jacke<\/b><\/span> und ist ein echtes <span class=\"s1\"><b>Must-have im Kleiderschrank jedes Radfahrers<\/b><\/span>.<\/p>\n<p class=\"p2\"><span class=\"s2\">Ideal, um sie im <\/span><b>Herbst oder Fr\u00fchling \u00fcber einem kurz- oder lang\u00e4rmeligen Trikot<\/b><span class=\"s2\"> zu tragen, oder im <\/span><b>Winter als zus\u00e4tzliche Isolationsschicht<\/b><span class=\"s2\"> \u00fcber einer Jacke.<\/span><\/p>\n<p class=\"p1\">Das <span class=\"s1\"><b>Frontpanel<\/b><\/span> besteht aus einem <span class=\"s1\"><b>leichten, wind- und wasserabweisenden Gewebe<\/b><\/span>, das innen mit <span class=\"s1\"><b>Primaloft-Fleece<\/b><\/span> gef\u00fcttert ist, um W\u00e4rme und Komfort zu gew\u00e4hrleisten.<\/p>\n<p class=\"p1\">Die <span class=\"s1\"><b>R\u00fcckseite<\/b><\/span> besteht aus <span class=\"s1\"><b>aufgerautem, bi-elastischem, wasserabweisendem Stoff<\/b><\/span>, der eine ergonomische Passform und hohe Bewegungsfreiheit bietet.<\/p>\n<p class=\"p2\"><span class=\"s2\">Mit <\/span><b>3 praktischen R\u00fcckentaschen<\/b><span class=\"s2\"> und einer <\/span><b>zus\u00e4tzlichen Rei\u00dfverschlusstasche<\/b><span class=\"s2\"> f\u00fcr Wertsachen.<\/span><\/p>\n<p class=\"p1\"><span class=\"s1\"><b>Reflektierende Eins\u00e4tze<\/b><\/span> erh\u00f6hen die Sichtbarkeit und Sicherheit bei schlechten Lichtverh\u00e4ltnissen.<\/p>\n<p class=\"p1\">Mit ihrer <span class=\"s1\"><b>normalen Passform<\/b><\/span> sch\u00fctzt die VENTAGLIO zuverl\u00e4ssig vor <span class=\"s1\"><b>K\u00e4lte, Wind und leichtem Regen<\/b><\/span> \u2013 f\u00fcr maximalen Komfort auf jeder Fahrt.<\/p>\n<p class=\"p2\"><b>Empfohlener Temperaturbereich:<\/b><span class=\"s2\"> +7\u00b0C bis +15\u00b0C.<\/span><\/p>\n","protected":false},"excerpt":{"rendered":"<p class=\"p1\">Die <span class=\"s1\"><b>VENTAGLIO Winterweste<\/b><\/span> bietet denselben Schutz wie die <span class=\"s1\"><b>Fuggitivo-Jacke<\/b><\/span>, jedoch in einer leichteren und vielseitigeren Version.<\/p>\n<p class=\"p1\">Ideal f\u00fcr <span class=\"s1\"><b>Herbst und Fr\u00fchling<\/b><\/span>, kann sie \u00fcber einem Trikot oder im <span class=\"s1\"><b>Winter als zus\u00e4tzliche Schicht<\/b><\/span> getragen werden.<\/p>\n<p class=\"p2\"><span class=\"s2\">Das <\/span><b>wind- und wasserabweisende Frontgewebe<\/b><span class=\"s2\"> und das <\/span><b>aufgeraute, bi-elastische, wasserabweisende R\u00fcckenteil<\/b><span class=\"s2\"> sorgen f\u00fcr Komfort, Atmungsaktivit\u00e4t und K\u00e4lteschutz.<\/span><\/p>\n<p class=\"p2\"><span class=\"s2\">Mit <\/span><b>3 R\u00fcckentaschen + 1 Rei\u00dfverschlusstasche<\/b><span class=\"s2\"> und <\/span><b>reflektierenden Details<\/b><span class=\"s2\"> f\u00fcr mehr Sicherheit.<\/span><\/p>\n<p class=\"p2\"><b>Empfohlener Temperaturbereich:<\/b><span class=\"s2\"> +7\u00b0C \/ +15\u00b0C<\/span><\/p>\n","protected":false},"featured_media":58558,"template":"","meta":[],"product_brand":[],"product_cat":[4222,4198,4235,4236],"product_tag":[],"collezione":[5473],"class_list":{"0":"post-58806","1":"product","2":"type-product","3":"status-publish","4":"has-post-thumbnail","6":"product_cat-mann-de-2","7":"product_cat-kies-de","8":"product_cat-spitze","9":"product_cat-weste","10":"pa_colore-grun-de","11":"pa_colore-schwarz-de","12":"pa_taglia-3xl-de","13":"pa_taglia-l-de","14":"pa_taglia-m-de","15":"pa_taglia-s-de","16":"pa_taglia-xl-de","17":"pa_taglia-xs-de","18":"pa_taglia-xxl-de","19":"collezione-winter-2023-24-de","22":"first","23":"instock","24":"shipping-taxable","25":"purchasable","26":"product-type-variable"},"yoast_head":"<!-- This site is optimized with the Yoast SEO plugin v27.3 - https:\/\/yoast.com\/product\/yoast-seo-wordpress\/ -->\n<title>VENTAGLIO | GSG - Giessegi<\/title>\n<meta name=\"robots\" content=\"index, follow, max-snippet:-1, max-image-preview:large, max-video-preview:-1\" \/>\n<link rel=\"canonical\" href=\"https:\/\/www.giessegi.com\/de\/produkt\/ventaglio\/\" \/>\n<meta property=\"og:locale\" content=\"de_DE\" \/>\n<meta property=\"og:type\" content=\"article\" \/>\n<meta property=\"og:title\" content=\"VENTAGLIO | GSG - Giessegi\" \/>\n<meta property=\"og:description\" content=\"Die VENTAGLIO Winterweste bietet denselben Schutz wie die Fuggitivo-Jacke, jedoch in einer leichteren und vielseitigeren Version. Ideal f\u00fcr Herbst und Fr\u00fchling, kann sie \u00fcber einem Trikot oder im Winter als zus\u00e4tzliche Schicht getragen werden. Das wind- und wasserabweisende Frontgewebe und das aufgeraute, bi-elastische, wasserabweisende R\u00fcckenteil sorgen f\u00fcr Komfort, Atmungsaktivit\u00e4t und K\u00e4lteschutz. Mit 3 R\u00fcckentaschen + 1 Rei\u00dfverschlusstasche und reflektierenden Details f\u00fcr mehr Sicherheit. Empfohlener Temperaturbereich: +7\u00b0C \/ +15\u00b0C\" \/>\n<meta property=\"og:url\" content=\"https:\/\/www.giessegi.com\/de\/produkt\/ventaglio\/\" \/>\n<meta property=\"og:site_name\" content=\"GSG - Giessegi\" \/>\n<meta property=\"article:modified_time\" content=\"2025-10-17T14:18:59+00:00\" \/>\n<meta property=\"og:image\" content=\"https:\/\/www.giessegi.com\/wp-content\/uploads\/2023\/10\/09104-VENTAGLIO_02_nero_front.jpg\" \/>\n\t<meta property=\"og:image:width\" content=\"1000\" \/>\n\t<meta property=\"og:image:height\" content=\"1000\" \/>\n\t<meta property=\"og:image:type\" content=\"image\/jpeg\" \/>\n<meta name=\"twitter:card\" content=\"summary_large_image\" \/>\n<meta name=\"twitter:label1\" content=\"Gesch\u00e4tzte Lesezeit\" \/>\n\t<meta name=\"twitter:data1\" content=\"1\u00a0Minute\" \/>\n<script type=\"application\/ld+json\" class=\"yoast-schema-graph\">{\"@context\":\"https:\\\/\\\/schema.org\",\"@graph\":[{\"@type\":\"WebPage\",\"@id\":\"https:\\\/\\\/www.giessegi.com\\\/de\\\/produkt\\\/ventaglio\\\/\",\"url\":\"https:\\\/\\\/www.giessegi.com\\\/de\\\/produkt\\\/ventaglio\\\/\",\"name\":\"VENTAGLIO | GSG - Giessegi\",\"isPartOf\":{\"@id\":\"https:\\\/\\\/www.giessegi.com\\\/en\\\/#website\"},\"primaryImageOfPage\":{\"@id\":\"https:\\\/\\\/www.giessegi.com\\\/de\\\/produkt\\\/ventaglio\\\/#primaryimage\"},\"image\":{\"@id\":\"https:\\\/\\\/www.giessegi.com\\\/de\\\/produkt\\\/ventaglio\\\/#primaryimage\"},\"thumbnailUrl\":\"https:\\\/\\\/www.giessegi.com\\\/wp-content\\\/uploads\\\/2023\\\/10\\\/09104-VENTAGLIO_02_nero_front.jpg\",\"datePublished\":\"2023-10-30T11:37:51+00:00\",\"dateModified\":\"2025-10-17T14:18:59+00:00\",\"breadcrumb\":{\"@id\":\"https:\\\/\\\/www.giessegi.com\\\/de\\\/produkt\\\/ventaglio\\\/#breadcrumb\"},\"inLanguage\":\"de\",\"potentialAction\":[{\"@type\":\"ReadAction\",\"target\":[\"https:\\\/\\\/www.giessegi.com\\\/de\\\/produkt\\\/ventaglio\\\/\"]}]},{\"@type\":\"ImageObject\",\"inLanguage\":\"de\",\"@id\":\"https:\\\/\\\/www.giessegi.com\\\/de\\\/produkt\\\/ventaglio\\\/#primaryimage\",\"url\":\"https:\\\/\\\/www.giessegi.com\\\/wp-content\\\/uploads\\\/2023\\\/10\\\/09104-VENTAGLIO_02_nero_front.jpg\",\"contentUrl\":\"https:\\\/\\\/www.giessegi.com\\\/wp-content\\\/uploads\\\/2023\\\/10\\\/09104-VENTAGLIO_02_nero_front.jpg\",\"width\":1000,\"height\":1000},{\"@type\":\"BreadcrumbList\",\"@id\":\"https:\\\/\\\/www.giessegi.com\\\/de\\\/produkt\\\/ventaglio\\\/#breadcrumb\",\"itemListElement\":[{\"@type\":\"ListItem\",\"position\":1,\"name\":\"Home\",\"item\":\"https:\\\/\\\/www.giessegi.com\\\/\"},{\"@type\":\"ListItem\",\"position\":2,\"name\":\"Products\",\"item\":\"https:\\\/\\\/www.giessegi.com\\\/en\\\/shop\\\/\"},{\"@type\":\"ListItem\",\"position\":3,\"name\":\"VENTAGLIO\"}]},{\"@type\":\"WebSite\",\"@id\":\"https:\\\/\\\/www.giessegi.com\\\/en\\\/#website\",\"url\":\"https:\\\/\\\/www.giessegi.com\\\/en\\\/\",\"name\":\"Giessegi\",\"description\":\"\",\"publisher\":{\"@id\":\"https:\\\/\\\/www.giessegi.com\\\/en\\\/#organization\"},\"potentialAction\":[{\"@type\":\"SearchAction\",\"target\":{\"@type\":\"EntryPoint\",\"urlTemplate\":\"https:\\\/\\\/www.giessegi.com\\\/en\\\/?s={search_term_string}\"},\"query-input\":{\"@type\":\"PropertyValueSpecification\",\"valueRequired\":true,\"valueName\":\"search_term_string\"}}],\"inLanguage\":\"de\"},{\"@type\":\"Organization\",\"@id\":\"https:\\\/\\\/www.giessegi.com\\\/en\\\/#organization\",\"name\":\"Giessegi\",\"url\":\"https:\\\/\\\/www.giessegi.com\\\/en\\\/\",\"logo\":{\"@type\":\"ImageObject\",\"inLanguage\":\"de\",\"@id\":\"https:\\\/\\\/www.giessegi.com\\\/en\\\/#\\\/schema\\\/logo\\\/image\\\/\",\"url\":\"https:\\\/\\\/www.giessegi.com\\\/wp-content\\\/uploads\\\/2022\\\/09\\\/giessegi-logo.jpeg\",\"contentUrl\":\"https:\\\/\\\/www.giessegi.com\\\/wp-content\\\/uploads\\\/2022\\\/09\\\/giessegi-logo.jpeg\",\"width\":175,\"height\":77,\"caption\":\"Giessegi\"},\"image\":{\"@id\":\"https:\\\/\\\/www.giessegi.com\\\/en\\\/#\\\/schema\\\/logo\\\/image\\\/\"}}]}<\/script>\n<!-- \/ Yoast SEO plugin. -->","yoast_head_json":{"title":"VENTAGLIO | GSG - Giessegi","robots":{"index":"index","follow":"follow","max-snippet":"max-snippet:-1","max-image-preview":"max-image-preview:large","max-video-preview":"max-video-preview:-1"},"canonical":"https:\/\/www.giessegi.com\/de\/produkt\/ventaglio\/","og_locale":"de_DE","og_type":"article","og_title":"VENTAGLIO | GSG - Giessegi","og_description":"Die VENTAGLIO Winterweste bietet denselben Schutz wie die Fuggitivo-Jacke, jedoch in einer leichteren und vielseitigeren Version. Ideal f\u00fcr Herbst und Fr\u00fchling, kann sie \u00fcber einem Trikot oder im Winter als zus\u00e4tzliche Schicht getragen werden. Das wind- und wasserabweisende Frontgewebe und das aufgeraute, bi-elastische, wasserabweisende R\u00fcckenteil sorgen f\u00fcr Komfort, Atmungsaktivit\u00e4t und K\u00e4lteschutz. Mit 3 R\u00fcckentaschen + 1 Rei\u00dfverschlusstasche und reflektierenden Details f\u00fcr mehr Sicherheit. Empfohlener Temperaturbereich: +7\u00b0C \/ +15\u00b0C","og_url":"https:\/\/www.giessegi.com\/de\/produkt\/ventaglio\/","og_site_name":"GSG - Giessegi","article_modified_time":"2025-10-17T14:18:59+00:00","og_image":[{"width":1000,"height":1000,"url":"https:\/\/www.giessegi.com\/wp-content\/uploads\/2023\/10\/09104-VENTAGLIO_02_nero_front.jpg","type":"image\/jpeg"}],"twitter_card":"summary_large_image","twitter_misc":{"Gesch\u00e4tzte Lesezeit":"1\u00a0Minute"},"schema":{"@context":"https:\/\/schema.org","@graph":[{"@type":"WebPage","@id":"https:\/\/www.giessegi.com\/de\/produkt\/ventaglio\/","url":"https:\/\/www.giessegi.com\/de\/produkt\/ventaglio\/","name":"VENTAGLIO | GSG - Giessegi","isPartOf":{"@id":"https:\/\/www.giessegi.com\/en\/#website"},"primaryImageOfPage":{"@id":"https:\/\/www.giessegi.com\/de\/produkt\/ventaglio\/#primaryimage"},"image":{"@id":"https:\/\/www.giessegi.com\/de\/produkt\/ventaglio\/#primaryimage"},"thumbnailUrl":"https:\/\/www.giessegi.com\/wp-content\/uploads\/2023\/10\/09104-VENTAGLIO_02_nero_front.jpg","datePublished":"2023-10-30T11:37:51+00:00","dateModified":"2025-10-17T14:18:59+00:00","breadcrumb":{"@id":"https:\/\/www.giessegi.com\/de\/produkt\/ventaglio\/#breadcrumb"},"inLanguage":"de","potentialAction":[{"@type":"ReadAction","target":["https:\/\/www.giessegi.com\/de\/produkt\/ventaglio\/"]}]},{"@type":"ImageObject","inLanguage":"de","@id":"https:\/\/www.giessegi.com\/de\/produkt\/ventaglio\/#primaryimage","url":"https:\/\/www.giessegi.com\/wp-content\/uploads\/2023\/10\/09104-VENTAGLIO_02_nero_front.jpg","contentUrl":"https:\/\/www.giessegi.com\/wp-content\/uploads\/2023\/10\/09104-VENTAGLIO_02_nero_front.jpg","width":1000,"height":1000},{"@type":"BreadcrumbList","@id":"https:\/\/www.giessegi.com\/de\/produkt\/ventaglio\/#breadcrumb","itemListElement":[{"@type":"ListItem","position":1,"name":"Home","item":"https:\/\/www.giessegi.com\/"},{"@type":"ListItem","position":2,"name":"Products","item":"https:\/\/www.giessegi.com\/en\/shop\/"},{"@type":"ListItem","position":3,"name":"VENTAGLIO"}]},{"@type":"WebSite","@id":"https:\/\/www.giessegi.com\/en\/#website","url":"https:\/\/www.giessegi.com\/en\/","name":"Giessegi","description":"","publisher":{"@id":"https:\/\/www.giessegi.com\/en\/#organization"},"potentialAction":[{"@type":"SearchAction","target":{"@type":"EntryPoint","urlTemplate":"https:\/\/www.giessegi.com\/en\/?s={search_term_string}"},"query-input":{"@type":"PropertyValueSpecification","valueRequired":true,"valueName":"search_term_string"}}],"inLanguage":"de"},{"@type":"Organization","@id":"https:\/\/www.giessegi.com\/en\/#organization","name":"Giessegi","url":"https:\/\/www.giessegi.com\/en\/","logo":{"@type":"ImageObject","inLanguage":"de","@id":"https:\/\/www.giessegi.com\/en\/#\/schema\/logo\/image\/","url":"https:\/\/www.giessegi.com\/wp-content\/uploads\/2022\/09\/giessegi-logo.jpeg","contentUrl":"https:\/\/www.giessegi.com\/wp-content\/uploads\/2022\/09\/giessegi-logo.jpeg","width":175,"height":77,"caption":"Giessegi"},"image":{"@id":"https:\/\/www.giessegi.com\/en\/#\/schema\/logo\/image\/"}}]}},"_links":{"self":[{"href":"https:\/\/www.giessegi.com\/de\/wp-json\/wp\/v2\/product\/58806","targetHints":{"allow":["GET"]}}],"collection":[{"href":"https:\/\/www.giessegi.com\/de\/wp-json\/wp\/v2\/product"}],"about":[{"href":"https:\/\/www.giessegi.com\/de\/wp-json\/wp\/v2\/types\/product"}],"wp:featuredmedia":[{"embeddable":true,"href":"https:\/\/www.giessegi.com\/de\/wp-json\/wp\/v2\/media\/58558"}],"wp:attachment":[{"href":"https:\/\/www.giessegi.com\/de\/wp-json\/wp\/v2\/media?parent=58806"}],"wp:term":[{"taxonomy":"product_brand","embeddable":true,"href":"https:\/\/www.giessegi.com\/de\/wp-json\/wp\/v2\/product_brand?post=58806"},{"taxonomy":"product_cat","embeddable":true,"href":"https:\/\/www.giessegi.com\/de\/wp-json\/wp\/v2\/product_cat?post=58806"},{"taxonomy":"product_tag","embeddable":true,"href":"https:\/\/www.giessegi.com\/de\/wp-json\/wp\/v2\/product_tag?post=58806"},{"taxonomy":"collezione","embeddable":true,"href":"https:\/\/www.giessegi.com\/de\/wp-json\/wp\/v2\/collezione?post=58806"}],"curies":[{"name":"wp","href":"https:\/\/api.w.org\/{rel}","templated":true}]}}